{"id":1005,"date":"2021-12-20T12:12:12","date_gmt":"2021-12-20T11:12:12","guid":{"rendered":"http:\/\/www.mouhet.fr\/?page_id=1005"},"modified":"2025-09-18T11:48:20","modified_gmt":"2025-09-18T09:48:20","slug":"histoire-de-mouhet","status":"publish","type":"page","link":"https:\/\/mouhet.fr\/?page_id=1005","title":{"rendered":"Histoire de Mouhet"},"content":{"rendered":"\n<p><\/p>\n\n\n\n<p><dfn>Mouhet<\/dfn>&nbsp;est une&nbsp;<a href=\"https:\/\/fr.wikipedia.org\/wiki\/Commune_(France)\" target=\"_blank\" rel=\"noreferrer noopener\">commune fran\u00e7aise<\/a>&nbsp;situ\u00e9e dans le&nbsp;<a href=\"https:\/\/fr.wikipedia.org\/wiki\/D%C3%A9partement_fran%C3%A7ais\" target=\"_blank\" rel=\"noreferrer noopener\">d\u00e9partement<\/a>&nbsp;de l&rsquo;<a href=\"https:\/\/fr.wikipedia.org\/wiki\/Indre_(d%C3%A9partement)\" target=\"_blank\" rel=\"noreferrer noopener\">Indre<\/a>, en&nbsp;<a href=\"https:\/\/fr.wikipedia.org\/wiki\/R%C3%A9gion_fran%C3%A7aise\" target=\"_blank\" rel=\"noreferrer noopener\">r\u00e9gion<\/a>&nbsp;<a href=\"https:\/\/fr.wikipedia.org\/wiki\/Centre-Val_de_Loire\" target=\"_blank\" rel=\"noreferrer noopener\">Centre-Val de Loire<\/a>.<\/p>\n\n\n\n<h3 class=\"wp-block-heading\">Localisation<\/h3>\n\n\n\n<p>La commune se trouve dans le sud du d\u00e9partement, \u00e0 la limite avec les d\u00e9partements de la <a href=\"https:\/\/fr.wikipedia.org\/wiki\/Creuse_(d%C3%A9partement)\" target=\"_blank\" rel=\"noreferrer noopener\">Creuse<\/a> et de la <a href=\"https:\/\/fr.wikipedia.org\/wiki\/Haute-Vienne\" target=\"_blank\" rel=\"noreferrer noopener\">Haute-Vienne<\/a>. Elle est implant\u00e9e dans la <a href=\"https:\/\/fr.wikipedia.org\/wiki\/R%C3%A9gion_naturelle_de_France\" target=\"_blank\" rel=\"noreferrer noopener\">r\u00e9gion naturelle<\/a> du <a href=\"https:\/\/fr.wikipedia.org\/wiki\/Boischaut_Sud\" target=\"_blank\" rel=\"noreferrer noopener\">Boischaut Sud<\/a>.<\/p>\n\n\n\n<p>Les communes limitrophes sont\u00a0: <a href=\"https:\/\/fr.wikipedia.org\/wiki\/La_Ch%C3%A2tre-Langlin\" target=\"_blank\" rel=\"noreferrer noopener\">La Ch\u00e2tre-Langlin<\/a> (4\u00a0km), <a href=\"https:\/\/fr.wikipedia.org\/wiki\/Azerables\" target=\"_blank\" rel=\"noreferrer noopener\">Az\u00e9rables<\/a> (5\u00a0km), <a href=\"https:\/\/fr.wikipedia.org\/wiki\/Les_Grands-Ch%C3%A9zeaux\" target=\"_blank\" rel=\"noreferrer noopener\">Les Grands-Ch\u00e9zeaux<\/a> (5\u00a0km), <a href=\"https:\/\/fr.wikipedia.org\/wiki\/Saint-S%C3%A9bastien_(Creuse)\" target=\"_blank\" rel=\"noreferrer noopener\">Saint-S\u00e9bastien<\/a> (7\u00a0km) et <a href=\"https:\/\/fr.wikipedia.org\/wiki\/Parnac_(Indre)\" target=\"_blank\" rel=\"noreferrer noopener\">Parnac<\/a> (8\u00a0km).<\/p>\n\n\n\n<p>Les chefs-lieux et pr\u00e9fectures les plus proches sont\u00a0: <a href=\"https:\/\/fr.wikipedia.org\/wiki\/Saint-Gaultier\" target=\"_blank\" rel=\"noreferrer noopener\">Saint-Gaultier<\/a> (28\u00a0km), <a href=\"https:\/\/fr.wikipedia.org\/wiki\/Le_Blanc_(Indre)\" target=\"_blank\" rel=\"noreferrer noopener\">Le Blanc<\/a> (40\u00a0km), <a href=\"https:\/\/fr.wikipedia.org\/wiki\/La_Ch%C3%A2tre\" target=\"_blank\" rel=\"noreferrer noopener\">La Ch\u00e2tre<\/a> (48\u00a0km), <a href=\"https:\/\/fr.wikipedia.org\/wiki\/Ch%C3%A2teauroux\" target=\"_blank\" rel=\"noreferrer noopener\">Ch\u00e2teauroux<\/a> (52\u00a0km) et <a href=\"https:\/\/fr.wikipedia.org\/wiki\/Issoudun\" target=\"_blank\" rel=\"noreferrer noopener\">Issoudun<\/a> (76\u00a0km).<\/p>\n\n\n\n<p><strong>Histoire<\/strong><\/p>\n\n\n\n<p>On ne parvient pas \u00e0 dater exactement la naissance du village qui semble appara\u00eetre pendant le\u00a0<a href=\"https:\/\/fr.wikipedia.org\/wiki\/Moyen_%C3%82ge\" target=\"_blank\" rel=\"noreferrer noopener\">Moyen \u00c2ge<\/a>. Longtemps ch\u00e2tellenie des\u00a0<a href=\"https:\/\/fr.wikipedia.org\/wiki\/Guillaume_Pot_de_Rhodes\" target=\"_blank\" rel=\"noreferrer noopener\">seigneurs de Rhodes<\/a>, il se trouvait sur la route de\u00a0<a href=\"https:\/\/fr.wikipedia.org\/wiki\/Tours\">Tours<\/a>\u00a0\u00e0\u00a0<a href=\"https:\/\/fr.wikipedia.org\/wiki\/Limoges\">Limoges<\/a>. La paroisse de Moheto devint commune \u00e0 la\u00a0<a href=\"https:\/\/fr.wikipedia.org\/wiki\/R%C3%A9volution_fran%C3%A7aise\" target=\"_blank\" rel=\"noreferrer noopener\">R\u00e9volution<\/a>.<\/p>\n\n\n\n<p>La&nbsp;<a href=\"https:\/\/fr.wikipedia.org\/wiki\/R%C3%A9volution_fran%C3%A7aise\" target=\"_blank\" rel=\"noreferrer noopener\">R\u00e9volution<\/a>&nbsp;fut un moment trouble pour la commune compte tenu de la pr\u00e9sence ancienne de la&nbsp;<a href=\"https:\/\/fr.wikipedia.org\/wiki\/Famille_Pot\" target=\"_blank\" rel=\"noreferrer noopener\">famille Pot de Rhodes<\/a>&nbsp;et de l&rsquo;activit\u00e9 de&nbsp;<a href=\"https:\/\/fr.wikipedia.org\/wiki\/Clerg%C3%A9_r%C3%A9fractaire\" target=\"_blank\" rel=\"noreferrer noopener\">pr\u00eatres r\u00e9fractaires<\/a>. On trouve, dans les archives d\u00e9partementales, le cas de Henry Berthon arr\u00eat\u00e9 successivement en&nbsp;1792,&nbsp;1796&nbsp;et&nbsp;1798&nbsp;au pr\u00e9texte qu&rsquo;il \u00ab&nbsp;fanatisait le peuple par ses discours et sa conduite&nbsp;\u00bb.<\/p>\n\n\n\n<p>Village dynamique, Mouhet paya un lourd tribut lors lors de la Premi\u00e8re Guerre mondiale, comme le rappelle son\u00a0<a href=\"https:\/\/fr.wikipedia.org\/wiki\/Monument_aux_morts\">monument aux morts<\/a>, ou plus r\u00e9cemment une exposition consacr\u00e9e aux poilus mouhetins.<\/p>\n\n\n\n<p>Durant la\u00a0Seconde Guerre mondiale, Mouhet fut le lieu de quelques actes de\u00a0<a href=\"https:\/\/fr.wikipedia.org\/wiki\/R%C3%A9sistance_int%C3%A9rieure_fran%C3%A7aise\">r\u00e9sistance<\/a>, notamment dans la nuit du\u00a0<a href=\"https:\/\/fr.wikipedia.org\/wiki\/4_d%C3%A9cembre\">4<\/a>\u00a0au\u00a05 d\u00e9cembre 1943\u00a0o\u00f9 furent coll\u00e9s sur les panneaux d&rsquo;affichage de la commune des tracts intitul\u00e9s : \u00ab\u00a0La Riposte des Patriotes du Berry\u00a0\u00bb, sign\u00e9s par\u00a0: \u00ab\u00a0Le Bureau de l\u2019U. L.\u00a0\u00bb. D&rsquo;autres petits actes t\u00e9moignent d&rsquo;une activit\u00e9\u00a0r\u00e9sistante locale. En\u00a0juin 1944, la commune subit la r\u00e9pression du\u00a0<abbr title=\"Quatri\u00e8me\">4<sup>e<\/sup><\/abbr>\u00a0r\u00e9giment SS \u00ab\u00a0Der F\u00fchrer\u00a0\u00bb, appartenant \u00e0 la\u00a0division Das Reich, en route vers la\u00a0Normandie\u00a0: les SS abattirent sans raison et \u00e0 vue un habitant de la commune dans la c\u00f4te de Champalais.<\/p>\n\n\n\n<p>La commune fut rattach\u00e9e de 1973 \u00e0 2015 au&nbsp;canton de Saint-Beno\u00eet-du-Sault.<\/p>\n","protected":false},"excerpt":{"rendered":"<p>Mouhet&nbsp;est une&nbsp;commune fran\u00e7aise&nbsp;situ\u00e9e dans le&nbsp;d\u00e9partement&nbsp;de l&rsquo;Indre, en&nbsp;r\u00e9gion&nbsp;Centre-Val de Loire. Localisation La commune se trouve dans le sud du d\u00e9partement, \u00e0 la limite avec les d\u00e9partements de la Creuse et de la Haute-Vienne. Elle est implant\u00e9e dans la r\u00e9gion naturelle du Boischaut Sud. Les communes limitrophes sont\u00a0: La Ch\u00e2tre-Langlin (4\u00a0km), Az\u00e9rables (5\u00a0km), Les Grands-Ch\u00e9zeaux (5\u00a0km), Saint-S\u00e9bastien [&hellip;]<\/p>\n","protected":false},"author":1,"featured_media":0,"parent":0,"menu_order":0,"comment_status":"closed","ping_status":"closed","template":"","meta":{"footnotes":""},"class_list":["post-1005","page","type-page","status-publish","hentry"],"_links":{"self":[{"href":"https:\/\/mouhet.fr\/index.php?rest_route=\/wp\/v2\/pages\/1005","targetHints":{"allow":["GET"]}}],"collection":[{"href":"https:\/\/mouhet.fr\/index.php?rest_route=\/wp\/v2\/pages"}],"about":[{"href":"https:\/\/mouhet.fr\/index.php?rest_route=\/wp\/v2\/types\/page"}],"author":[{"embeddable":true,"href":"https:\/\/mouhet.fr\/index.php?rest_route=\/wp\/v2\/users\/1"}],"replies":[{"embeddable":true,"href":"https:\/\/mouhet.fr\/index.php?rest_route=%2Fwp%2Fv2%2Fcomments&post=1005"}],"version-history":[{"count":12,"href":"https:\/\/mouhet.fr\/index.php?rest_route=\/wp\/v2\/pages\/1005\/revisions"}],"predecessor-version":[{"id":2648,"href":"https:\/\/mouhet.fr\/index.php?rest_route=\/wp\/v2\/pages\/1005\/revisions\/2648"}],"wp:attachment":[{"href":"https:\/\/mouhet.fr\/index.php?rest_route=%2Fwp%2Fv2%2Fmedia&parent=1005"}],"curies":[{"name":"wp","href":"https:\/\/api.w.org\/{rel}","templated":true}]}}