{"id":1023,"date":"2022-01-21T20:30:22","date_gmt":"2022-01-21T19:30:22","guid":{"rendered":"http:\/\/www.mouhet.fr\/?page_id=1023"},"modified":"2026-04-13T12:26:16","modified_gmt":"2026-04-13T10:26:16","slug":"le-conseil-municipal","status":"publish","type":"page","link":"https:\/\/mouhet.fr\/?page_id=1023","title":{"rendered":"Le conseil municipal"},"content":{"rendered":"\n<p><\/p>\n\n\n\n<p class=\"has-medium-font-size\"><strong>Conseil municipal 2026 &#8211; 2032 de Mouhet<\/strong> :<\/p>\n\n\n<div class=\"wp-block-image\">\n<figure class=\"aligncenter size-full\"><img loading=\"lazy\" decoding=\"async\" width=\"751\" height=\"576\" src=\"https:\/\/mouhet.fr\/wp-content\/uploads\/2026\/03\/elus-interieur-2.jpg\" alt=\"\" class=\"wp-image-3610\" srcset=\"https:\/\/mouhet.fr\/wp-content\/uploads\/2026\/03\/elus-interieur-2.jpg 751w, https:\/\/mouhet.fr\/wp-content\/uploads\/2026\/03\/elus-interieur-2-300x230.jpg 300w\" sizes=\"auto, (max-width: 751px) 100vw, 751px\" \/><\/figure>\n<\/div>\n\n\n<ul class=\"wp-block-list\">\n<li><strong>Maire<\/strong> : M. Jean-Christophe Plantureux<\/li>\n\n\n\n<li><strong>1er adjoint<\/strong> : M. Jean-Marie LAVILLONNI\u00c8RE<\/li>\n\n\n\n<li><strong>2\u00e8me adjoint<\/strong> : Mme Isabelle GUILLOU<\/li>\n\n\n\n<li><strong>3\u00e8me adjoint<\/strong> : M. Philippe TOURATIER<\/li>\n\n\n\n<li><strong>Conseill\u00e8res et Conseillers :<\/strong>\n<ul class=\"wp-block-list\">\n<li>Mme Josiane COUV\u00c9<\/li>\n\n\n\n<li>Mme B\u00e9atrice DADIE<\/li>\n\n\n\n<li>Mme Val\u00e9rie DEJOIE<\/li>\n\n\n\n<li>M. Julien DELORME<\/li>\n\n\n\n<li>Mme Nathalie LABERTHONIERE<\/li>\n\n\n\n<li>M. Laurent LEFEVRE<\/li>\n\n\n\n<li>M. Emmanuel ROULLET<\/li>\n<\/ul>\n<\/li>\n<\/ul>\n\n\n\n<p>Liste suppl\u00e9mentaire :<\/p>\n\n\n\n<ul class=\"wp-block-list\">\n<li>Mme Clarisse PERPEROT <\/li>\n\n\n\n<li>M. Michel DELORME<\/li>\n<\/ul>\n\n\n\n<hr class=\"wp-block-separator has-alpha-channel-opacity\"\/>\n\n\n\n<p><strong>CDC MOVA<\/strong> : D\u00e9l\u00e9gu\u00e9 communautaire : Titulaire : Jean-Christophe PLANTUREUX et Jean-Marie LAVILLONNI\u00c8RE.<\/p>\n\n\n\n<p> <strong>CLECT <\/strong>: Jean-Christophe PLANTUREUX                <\/p>\n\n\n\n<hr class=\"wp-block-separator has-alpha-channel-opacity\"\/>\n\n\n\n<p class=\"has-medium-font-size\"><strong>Commissions communales :<\/strong><\/p>\n\n\n\n<ul class=\"wp-block-list\">\n<li><strong>Cantine Scolaire<\/strong> : Jean-Christophe PLANTUREUX, Isabelle GUILLOU, Josiane COUV\u00c9, B\u00e9atrice DADIE, Nathalie LABERTHONIERE.<\/li>\n<\/ul>\n\n\n\n<ul class=\"wp-block-list\">\n<li><strong>Voirie et chemins<\/strong> : Jean-Christophe PLANTUREUX, Jean-Marie LAVILLONNI\u00c8RE, Philippe TOURATIER, Julien DELORME, Laurent LEFEVRE, Emmanuel ROULLET.<\/li>\n<\/ul>\n\n\n\n<ul class=\"wp-block-list\">\n<li><strong>Travaux et b\u00e2timents<\/strong> : Jean-Christophe PLANTUREUX, Jean-Marie LAVILLONNI\u00c8RE, Philippe TOURATIER, Laurent LEFEVRE.<\/li>\n<\/ul>\n\n\n\n<ul class=\"wp-block-list\">\n<li><strong>Achat<\/strong> : Jean-Christophe PLANTUREUX, Jean-Marie LAVILLONNI\u00c8RE, Philippe TOURATIER, Josiane COUV\u00c9. <\/li>\n<\/ul>\n\n\n\n<ul class=\"wp-block-list\">\n<li><strong>Comit\u00e9 des F\u00eates <\/strong>: Jean-Christophe PLANTUREUX, Jean-Marie LAVILLONNI\u00c8RE, Isabelle GUILLOU, Philippe TOURATIER, Josiane COUV\u00c9, B\u00e9atrice DADIE, Val\u00e9rie DEJOIE, Julien DELORME, Nathalie LABERTHONIERE, Laurent LEFEVRE, Emmanuel ROULLET.<\/li>\n<\/ul>\n\n\n\n<ul class=\"wp-block-list\">\n<li><strong>Manifestations, Communication et culture<\/strong> : Jean-Christophe PLANTUREUX, Isabelle GUILLOU, B\u00e9atrice DADIE, Julien DELORME, Val\u00e9rie DEJOIE.<\/li>\n<\/ul>\n\n\n\n<ul class=\"wp-block-list\">\n<li><strong>Appel d\u2019offre <\/strong>: Jean-Christophe PLANTUREUX, Jean-Marie LAVILLONNI\u00c8RE, Isabelle GUILLOU, Philippe TOURATIER.<\/li>\n<\/ul>\n\n\n\n<ul class=\"wp-block-list\">\n<li><strong>Social, Hygi\u00e8ne et s\u00e9curit\u00e9<\/strong> : Jean-Christophe PLANTUREUX, Isabelle GUILLOU, Josiane COUV\u00c9, B\u00e9atrice DADIE, Val\u00e9rie DEJOIE,&nbsp; Nathalie LABERTHONIERE, Laurent LEFEVRE.<\/li>\n\n\n\n<li><strong>Commission Bourse Bacha<\/strong> : Jean-Christophe PLANTUREUX, Isabelle GUILLOU, Josiane COUV\u00c9, Val\u00e9rie DEJOIE, Laurent LEFEVRE.<\/li>\n<\/ul>\n\n\n\n<p class=\"has-medium-font-size\"><strong>Commission de contr\u00f4le des listes \u00e9lectorales<\/strong> (Arr\u00eat\u00e9 pr\u00e9fectoral 31\/10\/2023)<\/p>\n\n\n\n<ul class=\"wp-block-list\">\n<li>\u00c9lu(e)s : Titulaire : A venir &#8211; Suppl\u00e9ant : A venir<\/li>\n\n\n\n<li>D\u00e9l\u00e9gu\u00e9 de l&rsquo;administration : Titulaire : A venir &#8211; Suppl\u00e9ant : A venir<\/li>\n\n\n\n<li>d\u00e9l\u00e9gu\u00e9es du Tribunal Judiciaire : A venir &#8211; A venir<\/li>\n<\/ul>\n\n\n\n<h2 class=\"wp-block-heading has-medium-font-size\"><strong>D\u00e9l\u00e9gu\u00e9s&nbsp;aux diff\u00e9rents syndicats<\/strong> :<\/h2>\n\n\n\n<ul class=\"wp-block-list\">\n<li><strong><a href=\"http:\/\/www.sdei36.com\/\" target=\"_blank\" rel=\"noreferrer noopener\">Syndicat D\u00e9partemental d\u2019\u00e9nergies de l\u2019Indre SDEI<\/a><\/strong> : 2 titulaires&nbsp;: Jean-Christophe PLANTUREUX, Jean-Marie LAVILLONNI\u00c8RE.<\/li>\n<\/ul>\n\n\n\n<ul class=\"wp-block-list\">\n<li><strong>Syndicat de ramassage scolaire de Saint Benoit du Sault<\/strong> : 2 titulaires\u00a0: Isabelle GUILLOU et Emmanuel ROULLET.<\/li>\n<\/ul>\n\n\n\n<ul class=\"wp-block-list\">\n<li><strong>Syndicat des eaux SIAEP Sonne et Abloux<\/strong> : 1 titulaire&nbsp;: Jean-Marie LAVILLONNI\u00c8RE et 1 suppl\u00e9ant : Jean-Christophe PLANTUREUX..<\/li>\n<\/ul>\n\n\n\n<ul class=\"wp-block-list\">\n<li><strong>Syndicat intercommunal de construction et de Gestion du coll\u00e8ge de Saint Benoit du Sault<\/strong> : 2 titulaires&nbsp;: Jean-Marie LAVILLONNIERE, Isabelle GUILLOU.<\/li>\n<\/ul>\n\n\n\n<ul class=\"wp-block-list\">\n<li><strong>Syndicat intercommunal de ramassage scolaire de la r\u00e9gion d\u2019Argenton sur Creuse<\/strong> : 2 titulaires&nbsp;: Jean-Christophe PLANTUREUX, Laurent LEFEVRE et 2 suppl\u00e9ants&nbsp;: Isabelle GUILLOU, Emmanuel ROULLET.<\/li>\n<\/ul>\n\n\n\n<ul class=\"wp-block-list\">\n<li><strong>Syndicat Regroupement P\u00e9dagogique Intercommunal Mouhet \u2013 La Ch\u00e2tre L\u2019Anglin<\/strong> : 4 titulaires&nbsp;: Jean-Christophe PLANTUREUX, Josiane COUV\u00c9, B\u00e9atrice DADIE, Val\u00e9rie DEJOIE. <\/li>\n<\/ul>\n\n\n\n<ul class=\"wp-block-list\">\n<li><strong><a href=\"http:\/\/symctomleblanc.fr\/\" target=\"_blank\" rel=\"noreferrer noopener\">S.Y.M.C.T.O.M. (ordures m\u00e9nag\u00e8res)<\/a><\/strong> : 1 titulaire&nbsp;: Julien DELORME et 1 suppl\u00e9ant&nbsp;: Philippe TOURATIER.<\/li>\n<\/ul>\n\n\n\n<ul class=\"wp-block-list\">\n<li><strong><a href=\"https:\/\/www.syndicat-mixte-gestion-assainissement-autonome-indre-saur.fr\/\" target=\"_blank\" rel=\"noreferrer noopener\">Syndicat Mixte de Gestion de l\u2019Assainisement Autonome dans l\u2019Indre<\/a><\/strong> : 1 titulaire&nbsp;: Jean-Christophe PLANTUREUX et 1 suppl\u00e9ant&nbsp;: Jean-Marie LAVILLONNI\u00c8RE.<\/li>\n<\/ul>\n\n\n\n<ul class=\"wp-block-list\">\n<li><strong>D\u00e9l\u00e9gu\u00e9 CNAS<\/strong> : 1 titulaire&nbsp;: Isabelle GUILLOU.<\/li>\n<\/ul>\n\n\n\n<ul class=\"wp-block-list\">\n<li><strong>Association de Gestion de la MARPA<\/strong> : 1 titulaire&nbsp;: Val\u00e9rie DEJOIE.<\/li>\n<\/ul>\n\n\n\n<ul class=\"wp-block-list\">\n<li>UNISSAD : 1 titulaire&nbsp;: Val\u00e9rie DEJOIE.<\/li>\n<\/ul>\n\n\n\n<ul class=\"wp-block-list\">\n<li><strong>Association de Programmation du Prieur\u00e9<\/strong> : 1 titulaire&nbsp;: Isabelle GUILLOU et 1 suppl\u00e9ant&nbsp;: Emmanuel ROULLET.<\/li>\n<\/ul>\n\n\n\n<ul class=\"wp-block-list\">\n<li><strong>ATD 36<\/strong>&nbsp;: 1 titulaire: Jean-Marie LAVILLONNI\u00c8RE.<\/li>\n<\/ul>\n\n\n\n<ul class=\"wp-block-list\">\n<li><a href=\"https:\/\/www.parc-naturel-brenne.fr\/\" target=\"_blank\" rel=\"noreferrer noopener\"><strong>Parc R\u00e9gional Naturel de la Brenne<\/strong> <\/a>: 2 titulaires&nbsp;: Jean-Christophe PLANTUREUX, Julien DELORME et 2 suppl\u00e9ants&nbsp;: Jean-Marie LAVILLONNI\u00c8RE, Laurent LEFEVRE.<\/li>\n<\/ul>\n\n\n\n<p><\/p>\n","protected":false},"excerpt":{"rendered":"<p>Conseil municipal 2026 &#8211; 2032 de Mouhet : Liste suppl\u00e9mentaire : CDC MOVA : D\u00e9l\u00e9gu\u00e9 communautaire : Titulaire : Jean-Christophe PLANTUREUX et Jean-Marie LAVILLONNI\u00c8RE. CLECT : Jean-Christophe PLANTUREUX Commissions communales : Commission de contr\u00f4le des listes \u00e9lectorales (Arr\u00eat\u00e9 pr\u00e9fectoral 31\/10\/2023) D\u00e9l\u00e9gu\u00e9s&nbsp;aux diff\u00e9rents syndicats :<\/p>\n","protected":false},"author":4,"featured_media":0,"parent":0,"menu_order":0,"comment_status":"closed","ping_status":"closed","template":"","meta":{"footnotes":""},"class_list":["post-1023","page","type-page","status-publish","hentry"],"_links":{"self":[{"href":"https:\/\/mouhet.fr\/index.php?rest_route=\/wp\/v2\/pages\/1023","targetHints":{"allow":["GET"]}}],"collection":[{"href":"https:\/\/mouhet.fr\/index.php?rest_route=\/wp\/v2\/pages"}],"about":[{"href":"https:\/\/mouhet.fr\/index.php?rest_route=\/wp\/v2\/types\/page"}],"author":[{"embeddable":true,"href":"https:\/\/mouhet.fr\/index.php?rest_route=\/wp\/v2\/users\/4"}],"replies":[{"embeddable":true,"href":"https:\/\/mouhet.fr\/index.php?rest_route=%2Fwp%2Fv2%2Fcomments&post=1023"}],"version-history":[{"count":45,"href":"https:\/\/mouhet.fr\/index.php?rest_route=\/wp\/v2\/pages\/1023\/revisions"}],"predecessor-version":[{"id":3672,"href":"https:\/\/mouhet.fr\/index.php?rest_route=\/wp\/v2\/pages\/1023\/revisions\/3672"}],"wp:attachment":[{"href":"https:\/\/mouhet.fr\/index.php?rest_route=%2Fwp%2Fv2%2Fmedia&parent=1023"}],"curies":[{"name":"wp","href":"https:\/\/api.w.org\/{rel}","templated":true}]}}