{"id":1077,"date":"2022-01-22T20:05:46","date_gmt":"2022-01-22T19:05:46","guid":{"rendered":"http:\/\/www.mouhet.fr\/?page_id=1077"},"modified":"2022-11-22T14:02:09","modified_gmt":"2022-11-22T13:02:09","slug":"patrimoine-historique","status":"publish","type":"page","link":"https:\/\/mouhet.fr\/?page_id=1077","title":{"rendered":"Patrimoine historique"},"content":{"rendered":"\n<p>L&rsquo;\u00e9glise du centre du village<\/p>\n\n\n\n<p><\/p>\n\n\n\n<p>L&rsquo;\u00e9glise fut construite entre le XIIe si\u00e8cle4 et le XVe si\u00e8cle4.<\/p>\n\n\n\n<p>Bien que cit\u00e9e dans un document de 1277, relative \u00e0 la paroisse de Saint-Beno\u00eet-du-Sault, l&rsquo;\u00e9glise semble dat\u00e9e du si\u00e8cle pr\u00e9c\u00e9dent. Au XVIe si\u00e8cle, deux chapelles lat\u00e9rales sont ajout\u00e9es, dans lesquelles on retrouve aujourd&rsquo;hui un fragment des vitraux d&rsquo;\u00e9poque5. L&rsquo;une d&rsquo;elles accueille le marbre fun\u00e9raire de la famille Pot.<\/p>\n\n\n\n<p>L&rsquo;\u00e9difice est inscrit au titre des monuments historiques, le 11 mai 19324.<\/p>\n\n\n\n<p>Tous les premiers dimanches de septembre, jour de la f\u00eate municipale, une messe en l&rsquo;honneur de Saint-Hubert, saint patron des chasseurs, y est donn\u00e9e, accompagn\u00e9e par des cors de chasse.<br>Description<\/p>\n\n\n\n<p>\u00c9glise du XIIe si\u00e8cle \u00e0 une nef vo\u00fbt\u00e9e. Deux colonnes avec chapiteaux \u00e0 l&rsquo;entr\u00e9e du ch\u0153ur. Abside \u00e0 pans flanqu\u00e9e de deux tours. Clocher du XIIIe si\u00e8cle. Deux chapelles seigneuriales du XVe si\u00e8cle4<\/p>\n\n\n\n<p>St\u00e8le fun\u00e9raire de la famille Pot<\/p>\n\n\n\n<p>La st\u00e8le fun\u00e9raire de la famille Pot, seigneur de Rhodes, en marbre noir mesure 2 m de haut pour 1,15 m de large, command\u00e9e par Guillaume Pot6. Elle porte l&rsquo;\u00e9pitaphe de son p\u00e8re Jean Pot et son \u00e9pouse Georgette de Balzac, et le d\u00e9but de la sienne et de celle de sa propre \u00e9pouse, Jacqueline de La Ch\u00e2tre, qui ne furent jamais compl\u00e9t\u00e9es.<\/p>\n\n\n\n<p>D\u00e9mont\u00e9e et bris\u00e9e \u00e0 la R\u00e9volution, elle est laiss\u00e9e \u00e0 m\u00eame le sol devant l&rsquo;autel. Foul\u00e9e par les fid\u00e8les, elle perd la dorure de ses lettres, et relev\u00e9e ensuite. Il fut trouv\u00e9, dans le mur portant cette st\u00e8le le c\u0153ur embaum\u00e9 de l&rsquo;une des d\u00e9funtes.<\/p>\n\n\n\n<p>Encadr\u00e9e par les blasons de la famille et de celle de leurs \u00e9pouses, s&rsquo;y lit l&rsquo;inscription suivante :<br>La nef, en 2011.<br>La nef, en 2011.<\/p>\n\n\n\n<p>\u00ab Ici gist avec ses P\u00e8res Hault et puissant seigneur messire Jehan Pot, sieur de Rhodes, Ch\u00e9mault, Menetou sallon, Monceaulx, Montbernaulme, Mondon, Guendreville, Malsherbes, baron de St-Amans, chevalier de l&rsquo;ordre du Roy, son premier escuier tranchant, et conseiller en son conseil priv\u00e9 ; lequel, apr\u00e8s plusieurs ambassades lointaines, grandes et publiques charges, desquelles il cest dignement aquit\u00e9; enfin d\u00e9laissant ceste vie, cest d\u00e9pouill\u00e9 des travaulx qui l&rsquo;avaient toujours accompagn\u00e9, l&rsquo;an de gr\u00e2ce 1571. Avec lui gist noble dame George de Balsac, son espouse, qui l&rsquo;ayant accompagn\u00e9 32 ans, l&rsquo;a recherch\u00e9 soubz ce marbre pour luy faire plus longue conpagnie. L&rsquo;an de gr\u00e2ce 1583, le 14e mars. Soubz ce mesme tombeau gist messire Guillaume Pot, chevalier, sieur des Rhodes. Avec lui gist noble dame Jacqueline de La Chastre, son \u00e9pouse qui come en la vie l&rsquo;a voullu aconpagner apr\u00e8s la mort, l&rsquo;an de gr\u00e2ce\u2026 \u00bb<\/p>\n","protected":false},"excerpt":{"rendered":"<p>L&rsquo;\u00e9glise du centre du village L&rsquo;\u00e9glise fut construite entre le XIIe si\u00e8cle4 et le XVe si\u00e8cle4. Bien que cit\u00e9e dans un document de 1277, relative \u00e0 la paroisse de Saint-Beno\u00eet-du-Sault, l&rsquo;\u00e9glise semble dat\u00e9e du si\u00e8cle pr\u00e9c\u00e9dent. Au XVIe si\u00e8cle, deux chapelles lat\u00e9rales sont ajout\u00e9es, dans lesquelles on retrouve aujourd&rsquo;hui un fragment des vitraux d&rsquo;\u00e9poque5. L&rsquo;une [&hellip;]<\/p>\n","protected":false},"author":4,"featured_media":0,"parent":0,"menu_order":0,"comment_status":"closed","ping_status":"closed","template":"","meta":{"footnotes":""},"class_list":["post-1077","page","type-page","status-publish","hentry"],"_links":{"self":[{"href":"https:\/\/mouhet.fr\/index.php?rest_route=\/wp\/v2\/pages\/1077","targetHints":{"allow":["GET"]}}],"collection":[{"href":"https:\/\/mouhet.fr\/index.php?rest_route=\/wp\/v2\/pages"}],"about":[{"href":"https:\/\/mouhet.fr\/index.php?rest_route=\/wp\/v2\/types\/page"}],"author":[{"embeddable":true,"href":"https:\/\/mouhet.fr\/index.php?rest_route=\/wp\/v2\/users\/4"}],"replies":[{"embeddable":true,"href":"https:\/\/mouhet.fr\/index.php?rest_route=%2Fwp%2Fv2%2Fcomments&post=1077"}],"version-history":[{"count":1,"href":"https:\/\/mouhet.fr\/index.php?rest_route=\/wp\/v2\/pages\/1077\/revisions"}],"predecessor-version":[{"id":1078,"href":"https:\/\/mouhet.fr\/index.php?rest_route=\/wp\/v2\/pages\/1077\/revisions\/1078"}],"wp:attachment":[{"href":"https:\/\/mouhet.fr\/index.php?rest_route=%2Fwp%2Fv2%2Fmedia&parent=1077"}],"curies":[{"name":"wp","href":"https:\/\/api.w.org\/{rel}","templated":true}]}}